{"id":856,"date":"2020-05-19T16:11:14","date_gmt":"2020-05-19T16:11:14","guid":{"rendered":"http:\/\/c2112278.ferozo.com\/?page_id=856"},"modified":"2024-05-17T20:29:06","modified_gmt":"2024-05-17T20:29:06","slug":"ejercicio-profesional","status":"publish","type":"page","link":"https:\/\/terapia-ocupacional.org.ar\/?page_id=856","title":{"rendered":"Ejercicio Profesional"},"content":{"rendered":"\t\t<div data-elementor-type=\"wp-post\" data-elementor-id=\"856\" class=\"elementor elementor-856\">\n\t\t\t\t\t\t<section class=\"elementor-section elementor-top-section elementor-element elementor-element-721007f elementor-section-content-top elementor-section-boxed elementor-section-height-default elementor-section-height-default\" data-id=\"721007f\" data-element_type=\"section\">\n\t\t\t\t\t\t\t<div class=\"elementor-background-overlay\"><\/div>\n\t\t\t\t\t\t\t<div class=\"elementor-container elementor-column-gap-no\">\n\t\t\t\t\t<div class=\"elementor-column elementor-col-100 elementor-top-column elementor-element elementor-element-65efed9\" data-id=\"65efed9\" data-element_type=\"column\">\n\t\t\t<div class=\"elementor-widget-wrap elementor-element-populated\">\n\t\t\t\t\t\t<div class=\"elementor-element elementor-element-dc66516 elementor-widget elementor-widget-heading\" data-id=\"dc66516\" data-element_type=\"widget\" data-widget_type=\"heading.default\">\n\t\t\t\t<div class=\"elementor-widget-container\">\n\t\t\t<h1 class=\"elementor-heading-title elementor-size-default\">ejercicio profesional<\/h1>\t\t<\/div>\n\t\t\t\t<\/div>\n\t\t\t\t\t<\/div>\n\t\t<\/div>\n\t\t\t\t\t<\/div>\n\t\t<\/section>\n\t\t\t\t<section class=\"elementor-section elementor-top-section elementor-element elementor-element-fd9d6cd elementor-section-boxed elementor-section-height-default elementor-section-height-default\" data-id=\"fd9d6cd\" data-element_type=\"section\" data-settings=\"{&quot;background_background&quot;:&quot;classic&quot;}\">\n\t\t\t\t\t\t<div class=\"elementor-container elementor-column-gap-default\">\n\t\t\t\t\t<div class=\"elementor-column elementor-col-100 elementor-top-column elementor-element elementor-element-a22608e\" data-id=\"a22608e\" data-element_type=\"column\">\n\t\t\t<div class=\"elementor-widget-wrap elementor-element-populated\">\n\t\t\t\t\t\t<section class=\"elementor-section elementor-inner-section elementor-element elementor-element-047eb2b elementor-section-boxed elementor-section-height-default elementor-section-height-default\" data-id=\"047eb2b\" data-element_type=\"section\">\n\t\t\t\t\t\t<div class=\"elementor-container elementor-column-gap-default\">\n\t\t\t\t\t<div class=\"elementor-column elementor-col-100 elementor-inner-column elementor-element elementor-element-1060716\" data-id=\"1060716\" data-element_type=\"column\" data-settings=\"{&quot;background_background&quot;:&quot;classic&quot;}\">\n\t\t\t<div class=\"elementor-widget-wrap elementor-element-populated\">\n\t\t\t\t\t\t<div class=\"elementor-element elementor-element-4b5812b elementor-widget__width-inherit elementor-widget elementor-widget-wp-widget-bsearch_search_box\" data-id=\"4b5812b\" data-element_type=\"widget\" data-widget_type=\"wp-widget-bsearch_search_box.default\">\n\t\t\t\t<div class=\"elementor-widget-container\">\n\t\t\t\n\t<div class=\"bsearch-form-container\">\n\t\t<form role=\"search\" method=\"get\" class=\"bsearchform\" action=\"https:\/\/terapia-ocupacional.org.ar\/\">\n\t\t\t<div class=\"bsearch-form-search-field\">\n\t\t\t\t<span class=\"screen-reader-text\">Buscar:<\/span>\n\t\t\t\t<input type=\"search\" class=\"bsearch-field search-field\" placeholder=\"Buscar &hellip;\" value=\"\" name=\"s\" \/>\n\t\t\t<\/div>\n\t\t\t\n\t\t\t<input type=\"submit\" class=\"bsearch-submit searchsubmit search-submit\" value=\"Buscar\" \/>\n\t\t<\/form>\n\t<\/div>\n\t\t\t<\/div>\n\t\t\t\t<\/div>\n\t\t\t\t\t<\/div>\n\t\t<\/div>\n\t\t\t\t\t<\/div>\n\t\t<\/section>\n\t\t\t\t\t<\/div>\n\t\t<\/div>\n\t\t\t\t\t<\/div>\n\t\t<\/section>\n\t\t\t\t<section class=\"elementor-section elementor-top-section elementor-element elementor-element-233a3999 elementor-section-content-middle elementor-section-boxed elementor-section-height-default elementor-section-height-default\" data-id=\"233a3999\" data-element_type=\"section\" data-settings=\"{&quot;background_background&quot;:&quot;classic&quot;}\">\n\t\t\t\t\t\t\t<div class=\"elementor-background-overlay\"><\/div>\n\t\t\t\t\t\t\t<div class=\"elementor-container elementor-column-gap-no\">\n\t\t\t\t\t<div class=\"elementor-column elementor-col-100 elementor-top-column elementor-element elementor-element-2496e318\" data-id=\"2496e318\" data-element_type=\"column\">\n\t\t\t<div class=\"elementor-widget-wrap elementor-element-populated\">\n\t\t\t\t\t\t<section class=\"elementor-section elementor-inner-section elementor-element elementor-element-2a4b9f7a elementor-section-boxed elementor-section-height-default elementor-section-height-default\" data-id=\"2a4b9f7a\" data-element_type=\"section\">\n\t\t\t\t\t\t<div class=\"elementor-container elementor-column-gap-default\">\n\t\t\t\t\t<div class=\"elementor-column elementor-col-100 elementor-inner-column elementor-element elementor-element-538a80a5\" data-id=\"538a80a5\" data-element_type=\"column\">\n\t\t\t<div class=\"elementor-widget-wrap elementor-element-populated\">\n\t\t\t\t\t\t<div class=\"elementor-element elementor-element-628a81b5 elementor-widget elementor-widget-text-editor\" data-id=\"628a81b5\" data-element_type=\"widget\" data-widget_type=\"text-editor.default\">\n\t\t\t\t<div class=\"elementor-widget-container\">\n\t\t\t\t\t\t\t<p><strong>INTEGRANTES: <span style=\"font-weight: 400;\">Sara Daneri (coordinadora), Sabrina Faustini, Claudia Lamprecht, Laura P\u00e9rez, Gabriela Perretti y Beatriz Solano y asesoramiento letrado Dra. Liliana Font\u00e1n.<\/span><\/strong><\/p><p><strong>PROP\u00d3SITO DEL CAP\u00cdTULO<\/strong>:<\/p><p><span style=\"font-weight: 400;\">El cap\u00edtulo de Ejercicio Profesional de la AATO centra su trabajo en la defensa y jerarquizaci\u00f3n de la Terapia Ocupacional y de las condiciones laborales de los y las colegas. Para ello impulsamos la sanci\u00f3n de leyes de ejercicio profesional, asesoramos a nuestros\/as colegas del interior del pa\u00eds y los acompa\u00f1amo<\/span><span style=\"font-weight: 400;\">s en la conformaci\u00f3n de agrupaciones, asociaciones y colegios de TO en el territorio argentino. Participamos de la Red Nacional de Terapia Ocupacional (RENATO).<\/span><\/p>\t\t\t\t\t\t<\/div>\n\t\t\t\t<\/div>\n\t\t\t\t\t<\/div>\n\t\t<\/div>\n\t\t\t\t\t<\/div>\n\t\t<\/section>\n\t\t\t\t<section class=\"elementor-section elementor-inner-section elementor-element elementor-element-25f4e42 elementor-section-boxed elementor-section-height-default elementor-section-height-default\" data-id=\"25f4e42\" data-element_type=\"section\">\n\t\t\t\t\t\t<div class=\"elementor-container elementor-column-gap-default\">\n\t\t\t\t\t<div class=\"elementor-column elementor-col-50 elementor-inner-column elementor-element elementor-element-7158e0c\" data-id=\"7158e0c\" data-element_type=\"column\">\n\t\t\t<div class=\"elementor-widget-wrap elementor-element-populated\">\n\t\t\t\t\t\t<div class=\"elementor-element elementor-element-10f2cf7 elementor-widget elementor-widget-heading\" data-id=\"10f2cf7\" data-element_type=\"widget\" data-widget_type=\"heading.default\">\n\t\t\t\t<div class=\"elementor-widget-container\">\n\t\t\t<h2 class=\"elementor-heading-title elementor-size-default\"><span style=\"font-weight:normal;\" id=\"docs-internal-guid-c055959f-7fff-f528-3add-9feb0d36ce49\"><span style=\"font-size: 12pt; font-family: Arial, sans-serif; color: rgb(0, 0, 0); background-color: transparent; font-weight: 700; font-style: normal; font-variant-numeric: normal; font-variant-east-asian: normal; font-variant-alternates: normal; font-variant-position: normal;\">Objetivos del Cap\u00edtulo de Ejercicio Profesional 2024-2026.<\/span><\/span><b><\/b><\/h2>\t\t<\/div>\n\t\t\t\t<\/div>\n\t\t\t\t<div class=\"elementor-element elementor-element-6baa063 elementor-icon-list--layout-traditional elementor-list-item-link-full_width elementor-widget elementor-widget-icon-list\" data-id=\"6baa063\" data-element_type=\"widget\" data-widget_type=\"icon-list.default\">\n\t\t\t\t<div class=\"elementor-widget-container\">\n\t\t\t\t\t<ul class=\"elementor-icon-list-items\">\n\t\t\t\t\t\t\t<li class=\"elementor-icon-list-item\">\n\t\t\t\t\t\t\t\t\t\t\t<span class=\"elementor-icon-list-icon\">\n\t\t\t\t\t\t\t<i aria-hidden=\"true\" class=\"fas fa-chevron-right\"><\/i>\t\t\t\t\t\t<\/span>\n\t\t\t\t\t\t\t\t\t\t<span class=\"elementor-icon-list-text\">Promover el ejercicio legal y \u00e9tico de la profesi\u00f3n, acorde a la normativa vigente<\/span>\n\t\t\t\t\t\t\t\t\t<\/li>\n\t\t\t\t\t\t\t\t<li class=\"elementor-icon-list-item\">\n\t\t\t\t\t\t\t\t\t\t\t<span class=\"elementor-icon-list-icon\">\n\t\t\t\t\t\t\t<i aria-hidden=\"true\" class=\"fas fa-chevron-right\"><\/i>\t\t\t\t\t\t<\/span>\n\t\t\t\t\t\t\t\t\t\t<span class=\"elementor-icon-list-text\">Impulsar, asesorar y acompa\u00f1ar la creaci\u00f3n de carreras de grado universitario de terapia ocupacional en todo el pa\u00eds.<\/span>\n\t\t\t\t\t\t\t\t\t<\/li>\n\t\t\t\t\t\t\t\t<li class=\"elementor-icon-list-item\">\n\t\t\t\t\t\t\t\t\t\t\t<span class=\"elementor-icon-list-icon\">\n\t\t\t\t\t\t\t<i aria-hidden=\"true\" class=\"fas fa-chevron-right\"><\/i>\t\t\t\t\t\t<\/span>\n\t\t\t\t\t\t\t\t\t\t<span class=\"elementor-icon-list-text\">Intervenci\u00f3n ante las autoridades gubernamentales nacionales y provinciales para la inclusi\u00f3n de la profesi\u00f3n en las pol\u00edticas p\u00fablicas.<\/span>\n\t\t\t\t\t\t\t\t\t<\/li>\n\t\t\t\t\t\t\t\t<li class=\"elementor-icon-list-item\">\n\t\t\t\t\t\t\t\t\t\t\t<span class=\"elementor-icon-list-icon\">\n\t\t\t\t\t\t\t<i aria-hidden=\"true\" class=\"fas fa-chevron-right\"><\/i>\t\t\t\t\t\t<\/span>\n\t\t\t\t\t\t\t\t\t\t<span class=\"elementor-icon-list-text\">Orientar y asesorar en la elaboraci\u00f3n y gesti\u00f3n de leyes de ejercicio profesional<\/span>\n\t\t\t\t\t\t\t\t\t<\/li>\n\t\t\t\t\t\t\t\t<li class=\"elementor-icon-list-item\">\n\t\t\t\t\t\t\t\t\t\t\t<span class=\"elementor-icon-list-icon\">\n\t\t\t\t\t\t\t<i aria-hidden=\"true\" class=\"fas fa-chevron-right\"><\/i>\t\t\t\t\t\t<\/span>\n\t\t\t\t\t\t\t\t\t\t<span class=\"elementor-icon-list-text\">Impulsar y fortalecer las organizaciones de graduados y estudiantes de Terapia Ocupacional en todo el pa\u00eds. <\/span>\n\t\t\t\t\t\t\t\t\t<\/li>\n\t\t\t\t\t\t\t\t<li class=\"elementor-icon-list-item\">\n\t\t\t\t\t\t\t\t\t\t\t<span class=\"elementor-icon-list-icon\">\n\t\t\t\t\t\t\t<i aria-hidden=\"true\" class=\"fas fa-check\"><\/i>\t\t\t\t\t\t<\/span>\n\t\t\t\t\t\t\t\t\t\t<span class=\"elementor-icon-list-text\">Asesorar a los socios AATO en situaciones vinculadas al ejercicio.<\/span>\n\t\t\t\t\t\t\t\t\t<\/li>\n\t\t\t\t\t\t<\/ul>\n\t\t\t\t<\/div>\n\t\t\t\t<\/div>\n\t\t\t\t\t<\/div>\n\t\t<\/div>\n\t\t\t\t<div class=\"elementor-column elementor-col-50 elementor-inner-column elementor-element elementor-element-d55a59e\" data-id=\"d55a59e\" data-element_type=\"column\">\n\t\t\t<div class=\"elementor-widget-wrap elementor-element-populated\">\n\t\t\t\t\t\t<div class=\"elementor-element elementor-element-750120d elementor-widget elementor-widget-heading\" data-id=\"750120d\" data-element_type=\"widget\" data-widget_type=\"heading.default\">\n\t\t\t\t<div class=\"elementor-widget-container\">\n\t\t\t<h2 class=\"elementor-heading-title elementor-size-default\"><span style=\"font-weight:normal;\" id=\"docs-internal-guid-e62ba444-7fff-77ac-d51e-35e2b08f330f\"><span style=\"font-size: 12pt; font-family: Arial, sans-serif; color: rgb(0, 0, 0); background-color: transparent; font-weight: 700; font-style: normal; font-variant-numeric: normal; font-variant-east-asian: normal; font-variant-alternates: normal; font-variant-position: normal;\">Propuestas para el a\u00f1o 2024<\/span><\/span><\/h2>\t\t<\/div>\n\t\t\t\t<\/div>\n\t\t\t\t<div class=\"elementor-element elementor-element-289b317 elementor-icon-list--layout-traditional elementor-list-item-link-full_width elementor-widget elementor-widget-icon-list\" data-id=\"289b317\" data-element_type=\"widget\" data-widget_type=\"icon-list.default\">\n\t\t\t\t<div class=\"elementor-widget-container\">\n\t\t\t\t\t<ul class=\"elementor-icon-list-items\">\n\t\t\t\t\t\t\t<li class=\"elementor-icon-list-item\">\n\t\t\t\t\t\t\t\t\t\t\t<span class=\"elementor-icon-list-icon\">\n\t\t\t\t\t\t\t<i aria-hidden=\"true\" class=\"fas fa-check\"><\/i>\t\t\t\t\t\t<\/span>\n\t\t\t\t\t\t\t\t\t\t<span class=\"elementor-icon-list-text\">Realizar gestiones tendientes a mejorar la situaci\u00f3n laboral de las y los terapistas ocupacionales en el sector p\u00fablico y privado.<\/span>\n\t\t\t\t\t\t\t\t\t<\/li>\n\t\t\t\t\t\t\t\t<li class=\"elementor-icon-list-item\">\n\t\t\t\t\t\t\t\t\t\t\t<span class=\"elementor-icon-list-icon\">\n\t\t\t\t\t\t\t<i aria-hidden=\"true\" class=\"fas fa-check\"><\/i>\t\t\t\t\t\t<\/span>\n\t\t\t\t\t\t\t\t\t\t<span class=\"elementor-icon-list-text\">Articular con organizaciones del \u00e1rea de discapacidad acciones tendientes a regularizar las condiciones de trabajo de las y los terapistas ocupacionales.<\/span>\n\t\t\t\t\t\t\t\t\t<\/li>\n\t\t\t\t\t\t\t\t<li class=\"elementor-icon-list-item\">\n\t\t\t\t\t\t\t\t\t\t\t<span class=\"elementor-icon-list-icon\">\n\t\t\t\t\t\t\t<i aria-hidden=\"true\" class=\"fas fa-check\"><\/i>\t\t\t\t\t\t<\/span>\n\t\t\t\t\t\t\t\t\t\t<span class=\"elementor-icon-list-text\">Participar en las reuniones de la Red Nacional de Terapia Ocupacional<\/span>\n\t\t\t\t\t\t\t\t\t<\/li>\n\t\t\t\t\t\t\t\t<li class=\"elementor-icon-list-item\">\n\t\t\t\t\t\t\t\t\t\t\t<span class=\"elementor-icon-list-icon\">\n\t\t\t\t\t\t\t<i aria-hidden=\"true\" class=\"fas fa-check\"><\/i>\t\t\t\t\t\t<\/span>\n\t\t\t\t\t\t\t\t\t\t<span class=\"elementor-icon-list-text\">Acompa\u00f1ar los procesos de elaboraci\u00f3n de los contenidos de las especialidades de TO para el ejercicio profesional.<\/span>\n\t\t\t\t\t\t\t\t\t<\/li>\n\t\t\t\t\t\t\t\t<li class=\"elementor-icon-list-item\">\n\t\t\t\t\t\t\t\t\t\t\t<span class=\"elementor-icon-list-icon\">\n\t\t\t\t\t\t\t<i aria-hidden=\"true\" class=\"fas fa-check\"><\/i>\t\t\t\t\t\t<\/span>\n\t\t\t\t\t\t\t\t\t\t<span class=\"elementor-icon-list-text\">Organizar y realizar cursos, jornadas y\/o talleres sobre contenidos te\u00f3rico-pr\u00e1cticos vinculados con el ejercicio profesional destinados al interior de la asociaci\u00f3n, estudiantes y j\u00f3venes graduados y a la comunidad en general.<\/span>\n\t\t\t\t\t\t\t\t\t<\/li>\n\t\t\t\t\t\t\t\t<li class=\"elementor-icon-list-item\">\n\t\t\t\t\t\t\t\t\t\t\t<span class=\"elementor-icon-list-icon\">\n\t\t\t\t\t\t\t<i aria-hidden=\"true\" class=\"fas fa-check\"><\/i>\t\t\t\t\t\t<\/span>\n\t\t\t\t\t\t\t\t\t\t<span class=\"elementor-icon-list-text\"> Elaborar el C\u00f3digo de \u00c9tica de la AATO.<\/span>\n\t\t\t\t\t\t\t\t\t<\/li>\n\t\t\t\t\t\t<\/ul>\n\t\t\t\t<\/div>\n\t\t\t\t<\/div>\n\t\t\t\t\t<\/div>\n\t\t<\/div>\n\t\t\t\t\t<\/div>\n\t\t<\/section>\n\t\t\t\t<div class=\"elementor-element elementor-element-c025db5 elementor-widget elementor-widget-heading\" data-id=\"c025db5\" data-element_type=\"widget\" data-widget_type=\"heading.default\">\n\t\t\t\t<div class=\"elementor-widget-container\">\n\t\t\t<h3 class=\"elementor-heading-title elementor-size-default\">\u00bfQu\u00e9 hacemos?<\/h3>\t\t<\/div>\n\t\t\t\t<\/div>\n\t\t\t\t<div class=\"elementor-element elementor-element-72ba282 elementor-widget elementor-widget-text-editor\" data-id=\"72ba282\" data-element_type=\"widget\" data-widget_type=\"text-editor.default\">\n\t\t\t\t<div class=\"elementor-widget-container\">\n\t\t\t\t\t\t\t<ul><li>Recibimos y orientamos las consultas de nuestros\/as colegas como tambi\u00e9n de los estudiantes socios de AATO.<\/li><li>Respondemos a correos y consultas preguntando sobre cuestiones relacionadas a nuestro rol profesional.<\/li><li>Llevamos adelante acciones en defensa de los derechos laborales de las y los TO que trabajan como prestadores de servicios a personas con discapacidad en todo el pa\u00eds.<\/li><li>Iniciamos acciones en FATSA y Ministerio de Trabajo para que se incorpore la TO a la categor\u00eda profesional para todos los convenios posibles y que incluyen a todos los TOs del pa\u00eds.<\/li><li>Recibimos las consultas que requieran del asesoramiento legal y contable.<\/li><li>Acompa\u00f1amos acciones realizadas por colectivos relacionados con nuestro ejercicio profesional en defensa de sus derechos.<\/li><li>Asesoramos a organizaciones e instituciones que requieran de nuestra experticia en diferentes temas.<\/li><li>Impulsamos y acompa\u00f1amos la creaci\u00f3n de nuevas carreras en universidades de gesti\u00f3n p\u00fablica en todo el pa\u00eds.<\/li><li>Trabajamos para el desarrollo del ejercicio profesional como Especialistas de diferentes \u00e1reas a partir del reconocimiento de Especialidades.<\/li><li>Participamos en el Consejo de Carreras de Terapia Ocupacional (COCATO) para la incorporaci\u00f3n del t\u00edtulo de Licenciatura en Terapia Ocupacional en el art.43 de la Ley de Educaci\u00f3n Superior de actividades reservadas o de inter\u00e9s p\u00fablico<\/li><li>Derogaci\u00f3n de los art\u00edculos del Decreto de Reglamentaci\u00f3n de la Ley Nacional n\u00ba27.051\/14 del Ejercicio Profesional de la Terapia Ocupacional<\/li><li>Realizamos acciones de gesti\u00f3n, intermediaci\u00f3n y participaci\u00f3n en actividades gubernamentales para la incorporaci\u00f3n de la profesi\u00f3n en pol\u00edticas p\u00fablicas.<\/li><li>Orientamos y asesoramos sobre gestiones de expedici\u00f3n de t\u00edtulos de grado, potenciales situaciones de conflictos laborales, desempe\u00f1o profesional, etc.<\/li><li>Organizamos capacitaciones en relaci\u00f3n a tem\u00e1ticas del ejercicio profesional.<\/li><li>Realizamos acciones y denunciamos cuando aparecen formaciones no oficiales y ofertas enga\u00f1osas de Terapia Ocupacional<\/li><\/ul><p>El cap\u00edtulo brinda a quienes participan del mismo, un espacio de formaci\u00f3n y de aprendizaje para la gesti\u00f3n, desarrollo de estrategias, resoluci\u00f3n de situaciones problem\u00e1ticas de la pr\u00e1ctica profesional y la formaci\u00f3n pol\u00edtica.<\/p>\t\t\t\t\t\t<\/div>\n\t\t\t\t<\/div>\n\t\t\t\t<section class=\"elementor-section elementor-inner-section elementor-element elementor-element-244cbc9a elementor-section-content-middle elementor-section-boxed elementor-section-height-default elementor-section-height-default\" data-id=\"244cbc9a\" data-element_type=\"section\">\n\t\t\t\t\t\t<div class=\"elementor-container elementor-column-gap-no\">\n\t\t\t\t\t<div class=\"elementor-column elementor-col-100 elementor-inner-column elementor-element elementor-element-5b85589\" data-id=\"5b85589\" data-element_type=\"column\" data-settings=\"{&quot;background_background&quot;:&quot;classic&quot;}\">\n\t\t\t<div class=\"elementor-widget-wrap elementor-element-populated\">\n\t\t\t\t\t\t<div class=\"elementor-element elementor-element-5ce3187a elementor-widget elementor-widget-heading\" data-id=\"5ce3187a\" data-element_type=\"widget\" data-widget_type=\"heading.default\">\n\t\t\t\t<div class=\"elementor-widget-container\">\n\t\t\t<h4 class=\"elementor-heading-title elementor-size-default\">Im\u00e1genes:<\/h4>\t\t<\/div>\n\t\t\t\t<\/div>\n\t\t\t\t<div class=\"elementor-element elementor-element-74b91fd7 elementor-arrows-position-inside elementor-pagination-position-outside elementor-widget elementor-widget-image-carousel\" data-id=\"74b91fd7\" data-element_type=\"widget\" data-settings=\"{&quot;slides_to_show&quot;:&quot;2&quot;,&quot;image_spacing_custom&quot;:{&quot;unit&quot;:&quot;px&quot;,&quot;size&quot;:80,&quot;sizes&quot;:[]},&quot;navigation&quot;:&quot;both&quot;,&quot;autoplay&quot;:&quot;yes&quot;,&quot;pause_on_hover&quot;:&quot;yes&quot;,&quot;pause_on_interaction&quot;:&quot;yes&quot;,&quot;autoplay_speed&quot;:5000,&quot;infinite&quot;:&quot;yes&quot;,&quot;speed&quot;:500,&quot;image_spacing_custom_tablet&quot;:{&quot;unit&quot;:&quot;px&quot;,&quot;size&quot;:&quot;&quot;,&quot;sizes&quot;:[]},&quot;image_spacing_custom_mobile&quot;:{&quot;unit&quot;:&quot;px&quot;,&quot;size&quot;:&quot;&quot;,&quot;sizes&quot;:[]}}\" data-widget_type=\"image-carousel.default\">\n\t\t\t\t<div class=\"elementor-widget-container\">\n\t\t\t\t\t<div class=\"elementor-image-carousel-wrapper swiper\" dir=\"ltr\">\n\t\t\t<div class=\"elementor-image-carousel swiper-wrapper swiper-image-stretch\" aria-live=\"off\">\n\t\t\t\t\t\t\t\t<div class=\"swiper-slide\" role=\"group\" aria-roledescription=\"slide\" aria-label=\"1 de 6\"><a data-elementor-open-lightbox=\"yes\" data-elementor-lightbox-slideshow=\"74b91fd7\" data-elementor-lightbox-title=\"1ejerprof\" data-e-action-hash=\"#elementor-action%3Aaction%3Dlightbox%26settings%3DeyJpZCI6MTI1MCwidXJsIjoiaHR0cHM6XC9cL3RlcmFwaWEtb2N1cGFjaW9uYWwub3JnLmFyXC93cC1jb250ZW50XC91cGxvYWRzXC8yMDIwXC8wOFwvMWVqZXJwcm9mLmpwZyIsInNsaWRlc2hvdyI6Ijc0YjkxZmQ3In0%3D\" href=\"https:\/\/terapia-ocupacional.org.ar\/wp-content\/uploads\/2020\/08\/1ejerprof.jpg\"><figure class=\"swiper-slide-inner\"><img decoding=\"async\" class=\"swiper-slide-image\" src=\"https:\/\/terapia-ocupacional.org.ar\/wp-content\/uploads\/2020\/08\/1ejerprof.jpg\" alt=\"1ejerprof\" \/><\/figure><\/a><\/div><div class=\"swiper-slide\" role=\"group\" aria-roledescription=\"slide\" aria-label=\"2 de 6\"><a data-elementor-open-lightbox=\"yes\" data-elementor-lightbox-slideshow=\"74b91fd7\" data-elementor-lightbox-title=\"4ejercprof - renato\" data-e-action-hash=\"#elementor-action%3Aaction%3Dlightbox%26settings%3DeyJpZCI6MTI1MSwidXJsIjoiaHR0cHM6XC9cL3RlcmFwaWEtb2N1cGFjaW9uYWwub3JnLmFyXC93cC1jb250ZW50XC91cGxvYWRzXC8yMDIwXC8wOFwvNGVqZXJjcHJvZi1yZW5hdG8uanBnIiwic2xpZGVzaG93IjoiNzRiOTFmZDcifQ%3D%3D\" href=\"https:\/\/terapia-ocupacional.org.ar\/wp-content\/uploads\/2020\/08\/4ejercprof-renato.jpg\"><figure class=\"swiper-slide-inner\"><img decoding=\"async\" class=\"swiper-slide-image\" src=\"https:\/\/terapia-ocupacional.org.ar\/wp-content\/uploads\/2020\/08\/4ejercprof-renato-768x523.jpg\" alt=\"4ejercprof - renato\" \/><\/figure><\/a><\/div><div class=\"swiper-slide\" role=\"group\" aria-roledescription=\"slide\" aria-label=\"3 de 6\"><a data-elementor-open-lightbox=\"yes\" data-elementor-lightbox-slideshow=\"74b91fd7\" data-elementor-lightbox-title=\"ejecicio prof 6\" data-e-action-hash=\"#elementor-action%3Aaction%3Dlightbox%26settings%3DeyJpZCI6MTI1MiwidXJsIjoiaHR0cHM6XC9cL3RlcmFwaWEtb2N1cGFjaW9uYWwub3JnLmFyXC93cC1jb250ZW50XC91cGxvYWRzXC8yMDIwXC8wOFwvZWplY2ljaW8tcHJvZi02LmpwZyIsInNsaWRlc2hvdyI6Ijc0YjkxZmQ3In0%3D\" href=\"https:\/\/terapia-ocupacional.org.ar\/wp-content\/uploads\/2020\/08\/ejecicio-prof-6.jpg\"><figure class=\"swiper-slide-inner\"><img decoding=\"async\" class=\"swiper-slide-image\" src=\"https:\/\/terapia-ocupacional.org.ar\/wp-content\/uploads\/2020\/08\/ejecicio-prof-6.jpg\" alt=\"ejecicio prof 6\" \/><\/figure><\/a><\/div><div class=\"swiper-slide\" role=\"group\" aria-roledescription=\"slide\" aria-label=\"4 de 6\"><a data-elementor-open-lightbox=\"yes\" data-elementor-lightbox-slideshow=\"74b91fd7\" data-elementor-lightbox-title=\"ejerci prof 4\" data-e-action-hash=\"#elementor-action%3Aaction%3Dlightbox%26settings%3DeyJpZCI6MTI1MywidXJsIjoiaHR0cHM6XC9cL3RlcmFwaWEtb2N1cGFjaW9uYWwub3JnLmFyXC93cC1jb250ZW50XC91cGxvYWRzXC8yMDIwXC8wOFwvZWplcmNpLXByb2YtNC5qcGciLCJzbGlkZXNob3ciOiI3NGI5MWZkNyJ9\" href=\"https:\/\/terapia-ocupacional.org.ar\/wp-content\/uploads\/2020\/08\/ejerci-prof-4.jpg\"><figure class=\"swiper-slide-inner\"><img decoding=\"async\" class=\"swiper-slide-image\" src=\"https:\/\/terapia-ocupacional.org.ar\/wp-content\/uploads\/2020\/08\/ejerci-prof-4.jpg\" alt=\"ejerci prof 4\" \/><\/figure><\/a><\/div><div class=\"swiper-slide\" role=\"group\" aria-roledescription=\"slide\" aria-label=\"5 de 6\"><a data-elementor-open-lightbox=\"yes\" data-elementor-lightbox-slideshow=\"74b91fd7\" data-elementor-lightbox-title=\"ejercicio prof 8\" data-e-action-hash=\"#elementor-action%3Aaction%3Dlightbox%26settings%3DeyJpZCI6MTI1NCwidXJsIjoiaHR0cHM6XC9cL3RlcmFwaWEtb2N1cGFjaW9uYWwub3JnLmFyXC93cC1jb250ZW50XC91cGxvYWRzXC8yMDIwXC8wOFwvZWplcmNpY2lvLXByb2YtOC5qcGciLCJzbGlkZXNob3ciOiI3NGI5MWZkNyJ9\" href=\"https:\/\/terapia-ocupacional.org.ar\/wp-content\/uploads\/2020\/08\/ejercicio-prof-8.jpg\"><figure class=\"swiper-slide-inner\"><img decoding=\"async\" class=\"swiper-slide-image\" src=\"https:\/\/terapia-ocupacional.org.ar\/wp-content\/uploads\/2020\/08\/ejercicio-prof-8-768x432.jpg\" alt=\"ejercicio prof 8\" \/><\/figure><\/a><\/div><div class=\"swiper-slide\" role=\"group\" aria-roledescription=\"slide\" aria-label=\"6 de 6\"><a data-elementor-open-lightbox=\"yes\" data-elementor-lightbox-slideshow=\"74b91fd7\" data-elementor-lightbox-title=\"ejercicio profesional 7\" data-e-action-hash=\"#elementor-action%3Aaction%3Dlightbox%26settings%3DeyJpZCI6MTI1NSwidXJsIjoiaHR0cHM6XC9cL3RlcmFwaWEtb2N1cGFjaW9uYWwub3JnLmFyXC93cC1jb250ZW50XC91cGxvYWRzXC8yMDIwXC8wOFwvZWplcmNpY2lvLXByb2Zlc2lvbmFsLTcuanBnIiwic2xpZGVzaG93IjoiNzRiOTFmZDcifQ%3D%3D\" href=\"https:\/\/terapia-ocupacional.org.ar\/wp-content\/uploads\/2020\/08\/ejercicio-profesional-7.jpg\"><figure class=\"swiper-slide-inner\"><img decoding=\"async\" class=\"swiper-slide-image\" src=\"https:\/\/terapia-ocupacional.org.ar\/wp-content\/uploads\/2020\/08\/ejercicio-profesional-7.jpg\" alt=\"ejercicio profesional 7\" \/><\/figure><\/a><\/div>\t\t\t<\/div>\n\t\t\t\t\t\t\t\t\t\t\t\t<div class=\"elementor-swiper-button elementor-swiper-button-prev\" role=\"button\" tabindex=\"0\">\n\t\t\t\t\t\t<i aria-hidden=\"true\" class=\"eicon-chevron-left\"><\/i>\t\t\t\t\t<\/div>\n\t\t\t\t\t<div class=\"elementor-swiper-button elementor-swiper-button-next\" role=\"button\" tabindex=\"0\">\n\t\t\t\t\t\t<i aria-hidden=\"true\" class=\"eicon-chevron-right\"><\/i>\t\t\t\t\t<\/div>\n\t\t\t\t\n\t\t\t\t\t\t\t\t\t<div class=\"swiper-pagination\"><\/div>\n\t\t\t\t\t\t\t\t\t<\/div>\n\t\t\t\t<\/div>\n\t\t\t\t<\/div>\n\t\t\t\t\t<\/div>\n\t\t<\/div>\n\t\t\t\t\t<\/div>\n\t\t<\/section>\n\t\t\t\t<section class=\"elementor-section elementor-inner-section elementor-element elementor-element-0199c0c elementor-section-content-middle elementor-section-boxed elementor-section-height-default elementor-section-height-default\" data-id=\"0199c0c\" data-element_type=\"section\">\n\t\t\t\t\t\t<div class=\"elementor-container elementor-column-gap-no\">\n\t\t\t\t\t<div class=\"elementor-column elementor-col-100 elementor-inner-column elementor-element elementor-element-38183a7e\" data-id=\"38183a7e\" data-element_type=\"column\" data-settings=\"{&quot;background_background&quot;:&quot;classic&quot;}\">\n\t\t\t<div class=\"elementor-widget-wrap elementor-element-populated\">\n\t\t\t\t\t\t<div class=\"elementor-element elementor-element-7f7fc0f2 elementor-widget elementor-widget-heading\" data-id=\"7f7fc0f2\" data-element_type=\"widget\" data-widget_type=\"heading.default\">\n\t\t\t\t<div class=\"elementor-widget-container\">\n\t\t\t<h2 class=\"elementor-heading-title elementor-size-default\">Informaci\u00f3n<\/h2>\t\t<\/div>\n\t\t\t\t<\/div>\n\t\t\t\t<div class=\"elementor-element elementor-element-29891cb0 elementor-grid-eael-col-3 elementor-grid-tablet-eael-col-2 elementor-grid-mobile-eael-col-1 elementor-widget elementor-widget-eael-post-grid\" data-id=\"29891cb0\" data-element_type=\"widget\" data-settings=\"{&quot;eael_post_grid_columns&quot;:&quot;eael-col-3&quot;,&quot;eael_post_grid_columns_tablet&quot;:&quot;eael-col-2&quot;,&quot;eael_post_grid_columns_mobile&quot;:&quot;eael-col-1&quot;}\" data-widget_type=\"eael-post-grid.default\">\n\t\t\t\t<div class=\"elementor-widget-container\">\n\t\t\t<div id=\"eael-post-grid-29891cb0\" class=\"eael-post-grid-container\">\n            <div class=\"eael-post-grid eael-post-appender eael-post-appender-29891cb0 eael-post-grid-style-two\" data-layout-mode=\"masonry\"><article class=\"eael-grid-post eael-post-grid-column\" data-id=\"2318\">\n        <div class=\"eael-grid-post-holder\">\n            <div class=\"eael-grid-post-holder-inner\"><div class=\"eael-entry-wrapper\"><header class=\"eael-entry-header\"><h5 class=\"eael-entry-title\"><a\n                                    class=\"eael-grid-post-link\"\n                                    href=\"https:\/\/terapia-ocupacional.org.ar\/?p=2318\"\n                                    title=\"Fallo de inconstitucionalidad &#8211; art\u00edculos 4 y 8 del decreto reglamentario\"target=\"_blank\">Fallo de inconstitucionalidad &#8211; art\u00edculos 4 y 8 del decreto reglamentario<\/a><\/h5><\/header><div class=\"eael-entry-content\">\n                                    <div class=\"eael-grid-post-excerpt\"><p>Descargar aqu\u00ed<\/p><a\n                                        href=\"https:\/\/terapia-ocupacional.org.ar\/?p=2318\"\n                                        class=\"eael-post-elements-readmore-btn\"target=\"_blank\">Leer m\u00e1s<\/a><\/div>\n                                <\/div><div class=\"eael-entry-header-after style-two\"><div class=\"eael-entry-meta\"><span class=\"eael-meta-posted-on\"><i class=\"far fa-clock\"><\/i><time datetime=\"mayo 28, 2024\">mayo 28, 2024<\/time><\/span><\/div><\/div><\/div><\/div>\n        <\/div>\n    <\/article><article class=\"eael-grid-post eael-post-grid-column\" data-id=\"2313\">\n        <div class=\"eael-grid-post-holder\">\n            <div class=\"eael-grid-post-holder-inner\"><div class=\"eael-entry-wrapper\"><header class=\"eael-entry-header\"><h5 class=\"eael-entry-title\"><a\n                                    class=\"eael-grid-post-link\"\n                                    href=\"https:\/\/terapia-ocupacional.org.ar\/?p=2313\"\n                                    title=\"Decreto reglamentario\"target=\"_blank\">Decreto reglamentario<\/a><\/h5><\/header><div class=\"eael-entry-content\">\n                                    <div class=\"eael-grid-post-excerpt\"><p>Descargar aqu\u00ed<\/p><a\n                                        href=\"https:\/\/terapia-ocupacional.org.ar\/?p=2313\"\n                                        class=\"eael-post-elements-readmore-btn\"target=\"_blank\">Leer m\u00e1s<\/a><\/div>\n                                <\/div><div class=\"eael-entry-header-after style-two\"><div class=\"eael-entry-meta\"><span class=\"eael-meta-posted-on\"><i class=\"far fa-clock\"><\/i><time datetime=\"mayo 28, 2024\">mayo 28, 2024<\/time><\/span><\/div><\/div><\/div><\/div>\n        <\/div>\n    <\/article><article class=\"eael-grid-post eael-post-grid-column\" data-id=\"1436\">\n        <div class=\"eael-grid-post-holder\">\n            <div class=\"eael-grid-post-holder-inner\"><div class=\"eael-entry-wrapper\"><header class=\"eael-entry-header\"><h5 class=\"eael-entry-title\"><a\n                                    class=\"eael-grid-post-link\"\n                                    href=\"https:\/\/terapia-ocupacional.org.ar\/?p=1436\"\n                                    title=\"Art. 43\"target=\"_blank\">Art. 43<\/a><\/h5><\/header><div class=\"eael-entry-content\">\n                                    <div class=\"eael-grid-post-excerpt\"><p>Descargar aqu\u00ed<\/p><a\n                                        href=\"https:\/\/terapia-ocupacional.org.ar\/?p=1436\"\n                                        class=\"eael-post-elements-readmore-btn\"target=\"_blank\">Leer m\u00e1s<\/a><\/div>\n                                <\/div><div class=\"eael-entry-header-after style-two\"><div class=\"eael-entry-meta\"><span class=\"eael-meta-posted-on\"><i class=\"far fa-clock\"><\/i><time datetime=\"septiembre 20, 2020\">septiembre 20, 2020<\/time><\/span><\/div><\/div><\/div><\/div>\n        <\/div>\n    <\/article><article class=\"eael-grid-post eael-post-grid-column\" data-id=\"1375\">\n        <div class=\"eael-grid-post-holder\">\n            <div class=\"eael-grid-post-holder-inner\"><div class=\"eael-entry-wrapper\"><header class=\"eael-entry-header\"><h5 class=\"eael-entry-title\"><a\n                                    class=\"eael-grid-post-link\"\n                                    href=\"https:\/\/terapia-ocupacional.org.ar\/?p=1375\"\n                                    title=\"Ley nacional del ejercicio de la Profesi\u00f3n de tO\"target=\"_blank\">Ley nacional del ejercicio de la Profesi\u00f3n de tO<\/a><\/h5><\/header><div class=\"eael-entry-content\">\n                                    <div class=\"eael-grid-post-excerpt\"><p>Descargar aqu\u00ed<\/p><a\n                                        href=\"https:\/\/terapia-ocupacional.org.ar\/?p=1375\"\n                                        class=\"eael-post-elements-readmore-btn\"target=\"_blank\">Leer m\u00e1s<\/a><\/div>\n                                <\/div><div class=\"eael-entry-header-after style-two\"><div class=\"eael-entry-meta\"><span class=\"eael-meta-posted-on\"><i class=\"far fa-clock\"><\/i><time datetime=\"septiembre 13, 2020\">septiembre 13, 2020<\/time><\/span><\/div><\/div><\/div><\/div>\n        <\/div>\n    <\/article><article class=\"eael-grid-post eael-post-grid-column\" data-id=\"1257\">\n        <div class=\"eael-grid-post-holder\">\n            <div class=\"eael-grid-post-holder-inner\"><div class=\"eael-entry-wrapper\"><header class=\"eael-entry-header\"><h5 class=\"eael-entry-title\"><a\n                                    class=\"eael-grid-post-link\"\n                                    href=\"https:\/\/terapia-ocupacional.org.ar\/?p=1257\"\n                                    title=\"Manual del\/la Terapista ocupacional prestador\/ade discapacidad\"target=\"_blank\">Manual del\/la Terapista ocupacional prestador\/ade discapacidad<\/a><\/h5><\/header><div class=\"eael-entry-content\">\n                                    <div class=\"eael-grid-post-excerpt\"><p>Manual del\/la Terapista ocupacional prestador\/ade discapacidad Descarga<\/p><a\n                                        href=\"https:\/\/terapia-ocupacional.org.ar\/?p=1257\"\n                                        class=\"eael-post-elements-readmore-btn\"target=\"_blank\">Leer m\u00e1s<\/a><\/div>\n                                <\/div><div class=\"eael-entry-header-after style-two\"><div class=\"eael-entry-meta\"><span class=\"eael-meta-posted-on\"><i class=\"far fa-clock\"><\/i><time datetime=\"agosto 10, 2020\">agosto 10, 2020<\/time><\/span><\/div><\/div><\/div><\/div>\n        <\/div>\n    <\/article><\/div>\n            <div class=\"clearfix\"><\/div>\n        <\/div>\t\t<\/div>\n\t\t\t\t<\/div>\n\t\t\t\t\t<\/div>\n\t\t<\/div>\n\t\t\t\t\t<\/div>\n\t\t<\/section>\n\t\t\t\t\t<\/div>\n\t\t<\/div>\n\t\t\t\t\t<\/div>\n\t\t<\/section>\n\t\t\t\t<section class=\"elementor-section elementor-inner-section elementor-element elementor-element-1ce8bc13 elementor-section-content-middle elementor-section-boxed elementor-section-height-default elementor-section-height-default\" data-id=\"1ce8bc13\" data-element_type=\"section\">\n\t\t\t\t\t\t<div class=\"elementor-container elementor-column-gap-no\">\n\t\t\t\t\t\t<\/div>\n\t\t<\/section>\n\t\t\t\t<\/div>\n\t\t","protected":false},"excerpt":{"rendered":"<p>ejercicio profesional INTEGRANTES: Sara Daneri (coordinadora), Sabrina Faustini, Claudia Lamprecht, Laura P\u00e9rez, Gabriela Perretti y Beatriz Solano y asesoramiento letrado Dra. Liliana Font\u00e1n. PROP\u00d3SITO DEL CAP\u00cdTULO: El cap\u00edtulo de Ejercicio Profesional de la AATO centra su trabajo en la defensa y jerarquizaci\u00f3n de la Terapia Ocupacional y de las condiciones laborales de los y las &hellip;<\/p>\n<p class=\"read-more\"> <a class=\"\" href=\"https:\/\/terapia-ocupacional.org.ar\/?p=1257\"> <span class=\"screen-reader-text\">Manual del\/la Terapista ocupacional prestador\/ade discapacidad<\/span> Leer m\u00e1s &raquo;<\/a><\/p>\n","protected":false},"author":18,"featured_media":0,"parent":0,"menu_order":0,"comment_status":"closed","ping_status":"closed","template":"","meta":{"_uag_custom_page_level_css":"","footnotes":""},"uagb_featured_image_src":{"full":false,"thumbnail":false,"medium":false,"medium_large":false,"large":false,"1536x1536":false,"2048x2048":false},"uagb_author_info":{"display_name":"","author_link":"https:\/\/terapia-ocupacional.org.ar\/?author=18"},"uagb_comment_info":0,"uagb_excerpt":"ejercicio profesional INTEGRANTES: Sara Daneri (coordinadora), Sabrina Faustini, Claudia Lamprecht, Laura P\u00e9rez, Gabriela Perretti y Beatriz Solano y asesoramiento letrado Dra. Liliana Font\u00e1n. PROP\u00d3SITO DEL CAP\u00cdTULO: El cap\u00edtulo de Ejercicio Profesional de la AATO centra su trabajo en la defensa y jerarquizaci\u00f3n de la Terapia Ocupacional y de las condiciones laborales de los y las&hellip;","_links":{"self":[{"href":"https:\/\/terapia-ocupacional.org.ar\/index.php?rest_route=\/wp\/v2\/pages\/856"}],"collection":[{"href":"https:\/\/terapia-ocupacional.org.ar\/index.php?rest_route=\/wp\/v2\/pages"}],"about":[{"href":"https:\/\/terapia-ocupacional.org.ar\/index.php?rest_route=\/wp\/v2\/types\/page"}],"author":[{"embeddable":true,"href":"https:\/\/terapia-ocupacional.org.ar\/index.php?rest_route=\/wp\/v2\/users\/18"}],"replies":[{"embeddable":true,"href":"https:\/\/terapia-ocupacional.org.ar\/index.php?rest_route=%2Fwp%2Fv2%2Fcomments&post=856"}],"version-history":[{"count":34,"href":"https:\/\/terapia-ocupacional.org.ar\/index.php?rest_route=\/wp\/v2\/pages\/856\/revisions"}],"predecessor-version":[{"id":2089,"href":"https:\/\/terapia-ocupacional.org.ar\/index.php?rest_route=\/wp\/v2\/pages\/856\/revisions\/2089"}],"wp:attachment":[{"href":"https:\/\/terapia-ocupacional.org.ar\/index.php?rest_route=%2Fwp%2Fv2%2Fmedia&parent=856"}],"curies":[{"name":"wp","href":"https:\/\/api.w.org\/{rel}","templated":true}]}}